{"id":2160,"date":"2020-08-21T07:54:41","date_gmt":"2020-08-21T07:54:41","guid":{"rendered":"https:\/\/artesaniadelapalma.com\/feria-de-canarias\/"},"modified":"2020-12-01T10:47:51","modified_gmt":"2020-12-01T10:47:51","slug":"kanarische-kunsthandwerksmesse","status":"publish","type":"page","link":"https:\/\/artesaniadelapalma.com\/de\/kunsthandwerk-auf-la-palma\/kanarische-kunsthandwerksmesse\/","title":{"rendered":"Kanarische Kunsthandwerksmesse"},"content":{"rendered":"<section class=\"wpb-content-wrapper\"><p>[vc_row css_animation=&#8220;&#8220; row_type=&#8220;row&#8220; use_row_as_full_screen_section=&#8220;no&#8220; type=&#8220;grid&#8220; angled_section=&#8220;no&#8220; text_align=&#8220;left&#8220; background_image_as_pattern=&#8220;without_pattern&#8220; css=&#8220;.vc_custom_1598341041635{margin-top: 60px !important;margin-bottom: 60px !important;}&#8220; z_index=&#8220;&#8220;][vc_column][vc_column_text]<\/p>\n<h1 style=\"text-align: left;\">Kanarische Kunsthandwerksmesse<\/h1>\n<p>[\/vc_column_text][vc_empty_space][vc_column_text]<\/p>\n<h2 style=\"text-align: center;\">KANARISCHE KUNSTHANDWERKSMESSE VOM 4. BIS 8. DEZEMBER 2020<\/h2>\n<p>[\/vc_column_text][vc_empty_space][vc_column_text]<\/p>\n<p>Las Palmas de Gran Canaria organisiert vom 4. bis 8. Dezember 2020 die 36. kanarische Kunsthandwerksmesse. Diese Messe ist eine j\u00e4hrlich stattfindende Veranstaltung mit dem Ziel, den Verkauf von Produkten aus dem Kunsthandwerk zu f\u00f6rdern und das Kunsthandwerk der Kanarischen Inseln in der \u00d6ffentlichkeit darzustellen.<\/p>\n<p>In diesem Jahr k\u00f6nnen neben den \u00fcblichen Programmpunkten, soweit es die organisatorischen Bedingungen erlauben, auch andere Aktivit\u00e4ten mit Ausstellungscharakter angeboten werden. Ebenso kann jede jeweilige Inselregierung zwei Handwerker aus jenen Bereichen des Kunsthandwerks einladen, die in Gefahr stehen, auszusterben.<\/p>\n<p>[\/vc_column_text][vc_empty_space][vc_single_image image=&#8220;2144&#8243; img_size=&#8220;full&#8220; qode_css_animation=&#8220;&#8220;][vc_empty_space][vc_empty_space height=&#8220;10px&#8220;][vc_row_inner row_type=&#8220;row&#8220; type=&#8220;full_width&#8220; text_align=&#8220;left&#8220; css_animation=&#8220;&#8220;][vc_column_inner width=&#8220;1\/3&#8243;]<a  itemprop=\"url\" href=\"https:\/\/www.gobiernodecanarias.org\/cmsweb\/export\/sites\/industria\/artesania\/docs\/sol_36Feria.pdf\" target=\"_blank\"  class=\"qbutton  medium default\" style=\"\">Solicitud de participaci\u00f3n<i class=\"qode_icon_font_awesome fa fa-file-pdf-o qode_button_icon_element\" style=\"\" ><\/i><\/a>[vc_empty_space height=&#8220;10px&#8220;][\/vc_column_inner][vc_column_inner width=&#8220;1\/3&#8243;]<a  itemprop=\"url\" href=\"https:\/\/www.gobiernodecanarias.org\/cmsweb\/export\/sites\/industria\/artesania\/docs\/inf_gral_36Feria.pdf\" target=\"_blank\"  class=\"qbutton  medium default\" style=\"\">Informaci\u00f3n general<i class=\"qode_icon_font_awesome fa fa-file-pdf-o qode_button_icon_element\" style=\"\" ><\/i><\/a>[vc_empty_space height=&#8220;10px&#8220;][\/vc_column_inner][vc_column_inner width=&#8220;1\/3&#8243;]<a  itemprop=\"url\" href=\"https:\/\/www.gobiernodecanarias.org\/cmsweb\/export\/sites\/industria\/artesania\/docs\/Declaracion_36Feria.pdf\" target=\"_blank\"  class=\"qbutton  medium default\" style=\"\">Declaraci\u00f3n responsable<i class=\"qode_icon_font_awesome fa fa-file-pdf-o qode_button_icon_element\" style=\"\" ><\/i><\/a>[vc_empty_space height=&#8220;10px&#8220;][\/vc_column_inner][\/vc_row_inner][vc_empty_space][\/vc_column][\/vc_row]<\/p>\n<\/section>","protected":false},"excerpt":{"rendered":"<p>[vc_row css_animation=&#8220;&#8220; row_type=&#8220;row&#8220; use_row_as_full_screen_section=&#8220;no&#8220; type=&#8220;grid&#8220; angled_section=&#8220;no&#8220; text_align=&#8220;left&#8220; background_image_as_pattern=&#8220;without_pattern&#8220; css=&#8220;.vc_custom_1598341041635{margin-top: 60px !important;margin-bottom: 60px !important;}&#8220; z_index=&#8220;&#8220;][vc_column][vc_column_text] Kanarische Kunsthandwerksmesse [\/vc_column_text][vc_empty_space][vc_column_text] KANARISCHE KUNSTHANDWERKSMESSE VOM&#8230;<\/p>\n","protected":false},"author":1,"featured_media":0,"parent":2571,"menu_order":0,"comment_status":"closed","ping_status":"closed","template":"","meta":[],"yoast_head":"<!-- This site is optimized with the Yoast SEO plugin v21.1 - https:\/\/yoast.com\/wordpress\/plugins\/seo\/ -->\n<title>Kanarische Kunsthandwerksmesse - Artesan\u00eda de La Palma<\/title>\n<meta name=\"robots\" content=\"index, follow, max-snippet:-1, max-image-preview:large, max-video-preview:-1\" \/>\n<link rel=\"canonical\" href=\"https:\/\/artesaniadelapalma.com\/de\/kunsthandwerk-auf-la-palma\/kanarische-kunsthandwerksmesse\/\" \/>\n<meta property=\"og:locale\" content=\"de_DE\" \/>\n<meta property=\"og:type\" content=\"article\" \/>\n<meta property=\"og:title\" content=\"Kanarische Kunsthandwerksmesse - Artesan\u00eda de La Palma\" \/>\n<meta property=\"og:description\" content=\"[vc_row css_animation=&#8220;&#8220; row_type=&#8220;row&#8220; use_row_as_full_screen_section=&#8220;no&#8220; type=&#8220;grid&#8220; angled_section=&#8220;no&#8220; text_align=&#8220;left&#8220; background_image_as_pattern=&#8220;without_pattern&#8220; css=&#8220;.vc_custom_1598341041635{margin-top: 60px !important;margin-bottom: 60px !important;}&#8220; z_index=&#8220;&#8220;][vc_column][vc_column_text] Kanarische Kunsthandwerksmesse [\/vc_column_text][vc_empty_space][vc_column_text] KANARISCHE KUNSTHANDWERKSMESSE VOM...\" \/>\n<meta property=\"og:url\" content=\"https:\/\/artesaniadelapalma.com\/de\/kunsthandwerk-auf-la-palma\/kanarische-kunsthandwerksmesse\/\" \/>\n<meta property=\"og:site_name\" content=\"Artesan\u00eda de La Palma\" \/>\n<meta property=\"article:modified_time\" content=\"2020-12-01T10:47:51+00:00\" \/>\n<meta name=\"twitter:card\" content=\"summary_large_image\" \/>\n<meta name=\"twitter:label1\" content=\"Gesch\u00e4tzte Lesezeit\" \/>\n\t<meta name=\"twitter:data1\" content=\"2\u00a0Minuten\" \/>\n<script type=\"application\/ld+json\" class=\"yoast-schema-graph\">{\"@context\":\"https:\/\/schema.org\",\"@graph\":[{\"@type\":\"WebPage\",\"@id\":\"https:\/\/artesaniadelapalma.com\/de\/kunsthandwerk-auf-la-palma\/kanarische-kunsthandwerksmesse\/\",\"url\":\"https:\/\/artesaniadelapalma.com\/de\/kunsthandwerk-auf-la-palma\/kanarische-kunsthandwerksmesse\/\",\"name\":\"Kanarische Kunsthandwerksmesse - Artesan\u00eda de La Palma\",\"isPartOf\":{\"@id\":\"https:\/\/artesaniadelapalma.com\/#website\"},\"datePublished\":\"2020-08-21T07:54:41+00:00\",\"dateModified\":\"2020-12-01T10:47:51+00:00\",\"breadcrumb\":{\"@id\":\"https:\/\/artesaniadelapalma.com\/de\/kunsthandwerk-auf-la-palma\/kanarische-kunsthandwerksmesse\/#breadcrumb\"},\"inLanguage\":\"de\",\"potentialAction\":[{\"@type\":\"ReadAction\",\"target\":[\"https:\/\/artesaniadelapalma.com\/de\/kunsthandwerk-auf-la-palma\/kanarische-kunsthandwerksmesse\/\"]}]},{\"@type\":\"BreadcrumbList\",\"@id\":\"https:\/\/artesaniadelapalma.com\/de\/kunsthandwerk-auf-la-palma\/kanarische-kunsthandwerksmesse\/#breadcrumb\",\"itemListElement\":[{\"@type\":\"ListItem\",\"position\":1,\"name\":\"Portada\",\"item\":\"https:\/\/artesaniadelapalma.com\/de\/\"},{\"@type\":\"ListItem\",\"position\":2,\"name\":\"Kunsthandwerk auf La Palma\",\"item\":\"https:\/\/artesaniadelapalma.com\/de\/kunsthandwerk-auf-la-palma\/\"},{\"@type\":\"ListItem\",\"position\":3,\"name\":\"Kanarische Kunsthandwerksmesse\"}]},{\"@type\":\"WebSite\",\"@id\":\"https:\/\/artesaniadelapalma.com\/#website\",\"url\":\"https:\/\/artesaniadelapalma.com\/\",\"name\":\"Artesan\u00eda de La Palma\",\"description\":\"Artesan\u00eda de La Palma \/ Cabildo Insular de La Palma\",\"potentialAction\":[{\"@type\":\"SearchAction\",\"target\":{\"@type\":\"EntryPoint\",\"urlTemplate\":\"https:\/\/artesaniadelapalma.com\/?s={search_term_string}\"},\"query-input\":\"required name=search_term_string\"}],\"inLanguage\":\"de\"}]}<\/script>\n<!-- \/ Yoast SEO plugin. -->","yoast_head_json":{"title":"Kanarische Kunsthandwerksmesse - Artesan\u00eda de La Palma","robots":{"index":"index","follow":"follow","max-snippet":"max-snippet:-1","max-image-preview":"max-image-preview:large","max-video-preview":"max-video-preview:-1"},"canonical":"https:\/\/artesaniadelapalma.com\/de\/kunsthandwerk-auf-la-palma\/kanarische-kunsthandwerksmesse\/","og_locale":"de_DE","og_type":"article","og_title":"Kanarische Kunsthandwerksmesse - Artesan\u00eda de La Palma","og_description":"[vc_row css_animation=&#8220;&#8220; row_type=&#8220;row&#8220; use_row_as_full_screen_section=&#8220;no&#8220; type=&#8220;grid&#8220; angled_section=&#8220;no&#8220; text_align=&#8220;left&#8220; background_image_as_pattern=&#8220;without_pattern&#8220; css=&#8220;.vc_custom_1598341041635{margin-top: 60px !important;margin-bottom: 60px !important;}&#8220; z_index=&#8220;&#8220;][vc_column][vc_column_text] Kanarische Kunsthandwerksmesse [\/vc_column_text][vc_empty_space][vc_column_text] KANARISCHE KUNSTHANDWERKSMESSE VOM...","og_url":"https:\/\/artesaniadelapalma.com\/de\/kunsthandwerk-auf-la-palma\/kanarische-kunsthandwerksmesse\/","og_site_name":"Artesan\u00eda de La Palma","article_modified_time":"2020-12-01T10:47:51+00:00","twitter_card":"summary_large_image","twitter_misc":{"Gesch\u00e4tzte Lesezeit":"2\u00a0Minuten"},"schema":{"@context":"https:\/\/schema.org","@graph":[{"@type":"WebPage","@id":"https:\/\/artesaniadelapalma.com\/de\/kunsthandwerk-auf-la-palma\/kanarische-kunsthandwerksmesse\/","url":"https:\/\/artesaniadelapalma.com\/de\/kunsthandwerk-auf-la-palma\/kanarische-kunsthandwerksmesse\/","name":"Kanarische Kunsthandwerksmesse - Artesan\u00eda de La Palma","isPartOf":{"@id":"https:\/\/artesaniadelapalma.com\/#website"},"datePublished":"2020-08-21T07:54:41+00:00","dateModified":"2020-12-01T10:47:51+00:00","breadcrumb":{"@id":"https:\/\/artesaniadelapalma.com\/de\/kunsthandwerk-auf-la-palma\/kanarische-kunsthandwerksmesse\/#breadcrumb"},"inLanguage":"de","potentialAction":[{"@type":"ReadAction","target":["https:\/\/artesaniadelapalma.com\/de\/kunsthandwerk-auf-la-palma\/kanarische-kunsthandwerksmesse\/"]}]},{"@type":"BreadcrumbList","@id":"https:\/\/artesaniadelapalma.com\/de\/kunsthandwerk-auf-la-palma\/kanarische-kunsthandwerksmesse\/#breadcrumb","itemListElement":[{"@type":"ListItem","position":1,"name":"Portada","item":"https:\/\/artesaniadelapalma.com\/de\/"},{"@type":"ListItem","position":2,"name":"Kunsthandwerk auf La Palma","item":"https:\/\/artesaniadelapalma.com\/de\/kunsthandwerk-auf-la-palma\/"},{"@type":"ListItem","position":3,"name":"Kanarische Kunsthandwerksmesse"}]},{"@type":"WebSite","@id":"https:\/\/artesaniadelapalma.com\/#website","url":"https:\/\/artesaniadelapalma.com\/","name":"Artesan\u00eda de La Palma","description":"Artesan\u00eda de La Palma \/ Cabildo Insular de La Palma","potentialAction":[{"@type":"SearchAction","target":{"@type":"EntryPoint","urlTemplate":"https:\/\/artesaniadelapalma.com\/?s={search_term_string}"},"query-input":"required name=search_term_string"}],"inLanguage":"de"}]}},"_links":{"self":[{"href":"https:\/\/artesaniadelapalma.com\/de\/wp-json\/wp\/v2\/pages\/2160"}],"collection":[{"href":"https:\/\/artesaniadelapalma.com\/de\/wp-json\/wp\/v2\/pages"}],"about":[{"href":"https:\/\/artesaniadelapalma.com\/de\/wp-json\/wp\/v2\/types\/page"}],"author":[{"embeddable":true,"href":"https:\/\/artesaniadelapalma.com\/de\/wp-json\/wp\/v2\/users\/1"}],"replies":[{"embeddable":true,"href":"https:\/\/artesaniadelapalma.com\/de\/wp-json\/wp\/v2\/comments?post=2160"}],"version-history":[{"count":2,"href":"https:\/\/artesaniadelapalma.com\/de\/wp-json\/wp\/v2\/pages\/2160\/revisions"}],"predecessor-version":[{"id":2163,"href":"https:\/\/artesaniadelapalma.com\/de\/wp-json\/wp\/v2\/pages\/2160\/revisions\/2163"}],"up":[{"embeddable":true,"href":"https:\/\/artesaniadelapalma.com\/de\/wp-json\/wp\/v2\/pages\/2571"}],"wp:attachment":[{"href":"https:\/\/artesaniadelapalma.com\/de\/wp-json\/wp\/v2\/media?parent=2160"}],"curies":[{"name":"wp","href":"https:\/\/api.w.org\/{rel}","templated":true}]}}